{"id":1397,"date":"2024-10-08T10:50:33","date_gmt":"2024-10-08T08:50:33","guid":{"rendered":"https:\/\/www.congres2024-deuils-famille-orphelins.org\/?page_id=1397"},"modified":"2024-11-10T16:00:07","modified_gmt":"2024-11-10T15:00:07","slug":"hebergements","status":"publish","type":"page","link":"https:\/\/www.congres2024-deuils-famille-orphelins.org\/index.php\/hebergements\/","title":{"rendered":"H\u00e9bergements"},"content":{"rendered":"\t\t<div data-elementor-type=\"wp-page\" data-elementor-id=\"1397\" class=\"elementor elementor-1397\" data-elementor-post-type=\"page\">\n\t\t\t\t\t\t<section class=\"elementor-section elementor-top-section elementor-element elementor-element-d9ef538 elementor-section-boxed elementor-section-height-default elementor-section-height-default\" data-id=\"d9ef538\" data-element_type=\"section\" data-e-type=\"section\">\n\t\t\t\t\t\t<div class=\"elementor-container elementor-column-gap-default\">\n\t\t\t\t\t<div class=\"elementor-column elementor-col-100 elementor-top-column elementor-element elementor-element-1de75e5\" data-id=\"1de75e5\" data-element_type=\"column\" data-e-type=\"column\" data-settings=\"{&quot;background_background&quot;:&quot;classic&quot;}\">\n\t\t\t<div class=\"elementor-widget-wrap elementor-element-populated\">\n\t\t\t\t\t\t<div class=\"elementor-element elementor-element-859eb3a elementor-widget elementor-widget-heading\" data-id=\"859eb3a\" data-element_type=\"widget\" data-e-type=\"widget\" data-widget_type=\"heading.default\">\n\t\t\t\t<div class=\"elementor-widget-container\">\n\t\t\t\t\t<h1 class=\"elementor-heading-title elementor-size-default\">Deuils en famille ; orphelins d'un parent...<\/h1>\t\t\t\t<\/div>\n\t\t\t\t<\/div>\n\t\t\t\t\t<\/div>\n\t\t<\/div>\n\t\t\t\t\t<\/div>\n\t\t<\/section>\n\t\t<div class=\"elementor-element elementor-element-84d72b4 e-flex e-con-boxed e-con e-parent\" data-id=\"84d72b4\" data-element_type=\"container\" data-e-type=\"container\">\n\t\t\t\t\t<div class=\"e-con-inner\">\n\t\t\t\t<div class=\"elementor-element elementor-element-9d12d54 elementor-widget elementor-widget-heading\" data-id=\"9d12d54\" data-element_type=\"widget\" data-e-type=\"widget\" data-widget_type=\"heading.default\">\n\t\t\t\t<div class=\"elementor-widget-container\">\n\t\t\t\t\t<h2 class=\"elementor-heading-title elementor-size-default\">H\u00e9bergements congr\u00e8s 2024<\/h2>\t\t\t\t<\/div>\n\t\t\t\t<\/div>\n\t\t\t\t\t<\/div>\n\t\t\t\t<\/div>\n\t\t<div class=\"elementor-element elementor-element-30e23fc e-flex e-con-boxed e-con e-parent\" data-id=\"30e23fc\" data-element_type=\"container\" data-e-type=\"container\">\n\t\t\t\t\t<div class=\"e-con-inner\">\n\t\t\t\t<div class=\"elementor-element elementor-element-1932969 elementor-widget elementor-widget-text-editor\" data-id=\"1932969\" data-element_type=\"widget\" data-e-type=\"widget\" data-widget_type=\"text-editor.default\">\n\t\t\t\t<div class=\"elementor-widget-container\">\n\t\t\t\t\t\t\t\t\t<p>T\u00e9l\u00e9charger le document r\u00e9capitulatif au format Pdf -&gt; <a href=\"https:\/\/www.congres2024-deuils-famille-orphelins.org\/wp-content\/uploads\/2024\/10\/Disponibilite-hoteliere-La-Rochelle-congres-DEUILS-EN-FAMILLE.pdf\" target=\"_blank\" rel=\"noopener\">Disponibilit\u00e9 hoteli\u00e8re La Rochelle -congres DEUILS EN FAMILLE<\/a><\/p>\t\t\t\t\t\t\t\t<\/div>\n\t\t\t\t<\/div>\n\t\t\t\t\t<\/div>\n\t\t\t\t<\/div>\n\t\t<div class=\"elementor-element elementor-element-7d1dad6 e-flex e-con-boxed e-con e-parent\" data-id=\"7d1dad6\" data-element_type=\"container\" data-e-type=\"container\">\n\t\t\t\t\t<div class=\"e-con-inner\">\n\t\t\t\t<div class=\"elementor-element elementor-element-2130314 elementor-widget elementor-widget-text-editor\" data-id=\"2130314\" data-element_type=\"widget\" data-e-type=\"widget\" data-widget_type=\"text-editor.default\">\n\t\t\t\t<div class=\"elementor-widget-container\">\n\t\t\t\t\t\t\t\t\t<a href=\"https:\/\/www.congres2024-deuils-famille-orphelins.org\/wp-content\/uploads\/2024\/11\/Congres-DEUILS-Disponibilite-hoteliere-La-Rochelle-5-au-7-dec-2024-1.pdf\" class=\"pdfemb-viewer\" style=\"\" data-width=\"max\" data-height=\"max\" data-toolbar=\"bottom\" data-toolbar-fixed=\"off\">Congres DEUILS &#8211; Disponibilite hoteliere La Rochelle 5 au 7 dec 2024-1<\/a>\t\t\t\t\t\t\t\t<\/div>\n\t\t\t\t<\/div>\n\t\t\t\t\t<\/div>\n\t\t\t\t<\/div>\n\t\t<div class=\"elementor-element elementor-element-afa5f56 e-flex e-con-boxed e-con e-parent\" data-id=\"afa5f56\" data-element_type=\"container\" data-e-type=\"container\">\n\t\t\t\t\t<div class=\"e-con-inner\">\n\t\t\t\t<div class=\"elementor-element elementor-element-9bcb742 elementor-shape-rounded elementor-grid-0 e-grid-align-center elementor-widget elementor-widget-social-icons\" data-id=\"9bcb742\" data-element_type=\"widget\" data-e-type=\"widget\" data-widget_type=\"social-icons.default\">\n\t\t\t\t<div class=\"elementor-widget-container\">\n\t\t\t\t\t\t\t<div class=\"elementor-social-icons-wrapper elementor-grid\" role=\"list\">\n\t\t\t\t\t\t\t<span class=\"elementor-grid-item\" role=\"listitem\">\n\t\t\t\t\t<a class=\"elementor-icon elementor-social-icon elementor-social-icon-facebook elementor-repeater-item-6c76d29\" href=\"https:\/\/www.facebook.com\/sharer\/sharer.php?u=https%3A%2F%2Fwww.helloasso.com%2Fassociations%2Frappeo-17%2Fevenements%2Fcongres-deuils-en-familles-orphelins-d-un-parent\" target=\"_blank\">\n\t\t\t\t\t\t<span class=\"elementor-screen-only\">Facebook<\/span>\n\t\t\t\t\t\t<svg aria-hidden=\"true\" class=\"e-font-icon-svg e-fab-facebook\" viewBox=\"0 0 512 512\" xmlns=\"http:\/\/www.w3.org\/2000\/svg\"><path d=\"M504 256C504 119 393 8 256 8S8 119 8 256c0 123.78 90.69 226.38 209.25 245V327.69h-63V256h63v-54.64c0-62.15 37-96.48 93.67-96.48 27.14 0 55.52 4.84 55.52 4.84v61h-31.28c-30.8 0-40.41 19.12-40.41 38.73V256h68.78l-11 71.69h-57.78V501C413.31 482.38 504 379.78 504 256z\"><\/path><\/svg>\t\t\t\t\t<\/a>\n\t\t\t\t<\/span>\n\t\t\t\t\t\t\t<span class=\"elementor-grid-item\" role=\"listitem\">\n\t\t\t\t\t<a class=\"elementor-icon elementor-social-icon elementor-social-icon-x-twitter elementor-repeater-item-453fd2f\" href=\"https:\/\/twitter.com\/intent\/post?text=\ud83d\uddd3%EF%B8%8F%20Inscrivez-vous%20d\u00e8s%20maintenant%20pour%20l\u2019\u00e9v\u00e9nement%20CONGRES%20-%20Deuils%20en%20Famille%20%3B%20Orphelins%20d\u2019un%20parent...%20%20%3A%20https%3A%2F%2Fwww.helloasso.com%2Fassociations%2Frappeo-17%2Fevenements%2Fcongres-deuils-en-familles-orphelins-d-un-parent%20%40helloasso\" target=\"_blank\">\n\t\t\t\t\t\t<span class=\"elementor-screen-only\">X-twitter<\/span>\n\t\t\t\t\t\t<svg aria-hidden=\"true\" class=\"e-font-icon-svg e-fab-x-twitter\" viewBox=\"0 0 512 512\" xmlns=\"http:\/\/www.w3.org\/2000\/svg\"><path d=\"M389.2 48h70.6L305.6 224.2 487 464H345L233.7 318.6 106.5 464H35.8L200.7 275.5 26.8 48H172.4L272.9 180.9 389.2 48zM364.4 421.8h39.1L151.1 88h-42L364.4 421.8z\"><\/path><\/svg>\t\t\t\t\t<\/a>\n\t\t\t\t<\/span>\n\t\t\t\t\t\t\t<span class=\"elementor-grid-item\" role=\"listitem\">\n\t\t\t\t\t<a class=\"elementor-icon elementor-social-icon elementor-social-icon-linkedin elementor-repeater-item-e7efb8a\" href=\"https:\/\/www.linkedin.com\/feed\/?linkOrigin=LI_BADGE&#038;shareActive=true&#038;shareUrl=https%3A%2F%2Fwww.helloasso.com%2Fassociations%2Frappeo-17%2Fevenements%2Fcongres-deuils-en-familles-orphelins-d-un-parent\" target=\"_blank\">\n\t\t\t\t\t\t<span class=\"elementor-screen-only\">Linkedin<\/span>\n\t\t\t\t\t\t<svg aria-hidden=\"true\" class=\"e-font-icon-svg e-fab-linkedin\" viewBox=\"0 0 448 512\" xmlns=\"http:\/\/www.w3.org\/2000\/svg\"><path d=\"M416 32H31.9C14.3 32 0 46.5 0 64.3v383.4C0 465.5 14.3 480 31.9 480H416c17.6 0 32-14.5 32-32.3V64.3c0-17.8-14.4-32.3-32-32.3zM135.4 416H69V202.2h66.5V416zm-33.2-243c-21.3 0-38.5-17.3-38.5-38.5S80.9 96 102.2 96c21.2 0 38.5 17.3 38.5 38.5 0 21.3-17.2 38.5-38.5 38.5zm282.1 243h-66.4V312c0-24.8-.5-56.7-34.5-56.7-34.6 0-39.9 27-39.9 54.9V416h-66.4V202.2h63.7v29.2h.9c8.9-16.8 30.6-34.5 62.9-34.5 67.2 0 79.7 44.3 79.7 101.9V416z\"><\/path><\/svg>\t\t\t\t\t<\/a>\n\t\t\t\t<\/span>\n\t\t\t\t\t<\/div>\n\t\t\t\t\t\t<\/div>\n\t\t\t\t<\/div>\n\t\t\t\t\t<\/div>\n\t\t\t\t<\/div>\n\t\t\t\t<\/div>\n\t\t","protected":false},"excerpt":{"rendered":"<p>Deuils en famille ; orphelins d&rsquo;un parent&#8230; H\u00e9bergements congr\u00e8s 2024 T\u00e9l\u00e9charger le document r\u00e9capitulatif au format Pdf -&gt; Disponibilit\u00e9 hoteli\u00e8re La Rochelle -congres DEUILS EN FAMILLE Facebook X-twitter Linkedin<\/p>\n","protected":false},"author":2,"featured_media":0,"parent":0,"menu_order":0,"comment_status":"closed","ping_status":"closed","template":"","meta":{"footnotes":""},"class_list":["post-1397","page","type-page","status-publish","hentry"],"yoast_head":"<!-- This site is optimized with the Yoast SEO plugin v27.1.1 - https:\/\/yoast.com\/product\/yoast-seo-wordpress\/ -->\n<title>H\u00e9bergements - Congr\u00e8s 2024 deuils orphelins<\/title>\n<meta name=\"robots\" content=\"index, follow, max-snippet:-1, max-image-preview:large, max-video-preview:-1\" \/>\n<link rel=\"canonical\" href=\"https:\/\/www.congres2024-deuils-famille-orphelins.org\/index.php\/hebergements\/\" \/>\n<meta property=\"og:locale\" content=\"fr_FR\" \/>\n<meta property=\"og:type\" content=\"article\" \/>\n<meta property=\"og:title\" content=\"H\u00e9bergements - Congr\u00e8s 2024 deuils orphelins\" \/>\n<meta property=\"og:description\" content=\"Deuils en famille ; orphelins d&rsquo;un parent&#8230; H\u00e9bergements congr\u00e8s 2024 T\u00e9l\u00e9charger le document r\u00e9capitulatif au format Pdf -&gt; Disponibilit\u00e9 hoteli\u00e8re La Rochelle -congres DEUILS EN FAMILLE Facebook X-twitter Linkedin\" \/>\n<meta property=\"og:url\" content=\"https:\/\/www.congres2024-deuils-famille-orphelins.org\/index.php\/hebergements\/\" \/>\n<meta property=\"og:site_name\" content=\"Congr\u00e8s 2024 deuils orphelins\" \/>\n<meta property=\"article:modified_time\" content=\"2024-11-10T15:00:07+00:00\" \/>\n<meta name=\"twitter:card\" content=\"summary_large_image\" \/>\n<meta name=\"twitter:label1\" content=\"Dur\u00e9e de lecture estim\u00e9e\" \/>\n\t<meta name=\"twitter:data1\" content=\"1 minute\" \/>\n<script type=\"application\/ld+json\" class=\"yoast-schema-graph\">{\"@context\":\"https:\/\/schema.org\",\"@graph\":[{\"@type\":\"WebPage\",\"@id\":\"https:\/\/www.congres2024-deuils-famille-orphelins.org\/index.php\/hebergements\/\",\"url\":\"https:\/\/www.congres2024-deuils-famille-orphelins.org\/index.php\/hebergements\/\",\"name\":\"H\u00e9bergements - Congr\u00e8s 2024 deuils orphelins\",\"isPartOf\":{\"@id\":\"https:\/\/www.congres2024-deuils-famille-orphelins.org\/#website\"},\"datePublished\":\"2024-10-08T08:50:33+00:00\",\"dateModified\":\"2024-11-10T15:00:07+00:00\",\"breadcrumb\":{\"@id\":\"https:\/\/www.congres2024-deuils-famille-orphelins.org\/index.php\/hebergements\/#breadcrumb\"},\"inLanguage\":\"fr-FR\",\"potentialAction\":[{\"@type\":\"ReadAction\",\"target\":[\"https:\/\/www.congres2024-deuils-famille-orphelins.org\/index.php\/hebergements\/\"]}]},{\"@type\":\"BreadcrumbList\",\"@id\":\"https:\/\/www.congres2024-deuils-famille-orphelins.org\/index.php\/hebergements\/#breadcrumb\",\"itemListElement\":[{\"@type\":\"ListItem\",\"position\":1,\"name\":\"Accueil\",\"item\":\"https:\/\/www.congres2024-deuils-famille-orphelins.org\/\"},{\"@type\":\"ListItem\",\"position\":2,\"name\":\"H\u00e9bergements\"}]},{\"@type\":\"WebSite\",\"@id\":\"https:\/\/www.congres2024-deuils-famille-orphelins.org\/#website\",\"url\":\"https:\/\/www.congres2024-deuils-famille-orphelins.org\/\",\"name\":\"Congr\u00e8s 2024 deuils orphelins\",\"description\":\"\",\"publisher\":{\"@id\":\"https:\/\/www.congres2024-deuils-famille-orphelins.org\/#organization\"},\"potentialAction\":[{\"@type\":\"SearchAction\",\"target\":{\"@type\":\"EntryPoint\",\"urlTemplate\":\"https:\/\/www.congres2024-deuils-famille-orphelins.org\/?s={search_term_string}\"},\"query-input\":{\"@type\":\"PropertyValueSpecification\",\"valueRequired\":true,\"valueName\":\"search_term_string\"}}],\"inLanguage\":\"fr-FR\"},{\"@type\":\"Organization\",\"@id\":\"https:\/\/www.congres2024-deuils-famille-orphelins.org\/#organization\",\"name\":\"Congr\u00e8s 2024 deuils orphelins\",\"url\":\"https:\/\/www.congres2024-deuils-famille-orphelins.org\/\",\"logo\":{\"@type\":\"ImageObject\",\"inLanguage\":\"fr-FR\",\"@id\":\"https:\/\/www.congres2024-deuils-famille-orphelins.org\/#\/schema\/logo\/image\/\",\"url\":\"https:\/\/www.congres2024-deuils-famille-orphelins.org\/wp-content\/uploads\/2024\/03\/cropped-LOGO-VSDPC2.jpg\",\"contentUrl\":\"https:\/\/www.congres2024-deuils-famille-orphelins.org\/wp-content\/uploads\/2024\/03\/cropped-LOGO-VSDPC2.jpg\",\"width\":980,\"height\":280,\"caption\":\"Congr\u00e8s 2024 deuils orphelins\"},\"image\":{\"@id\":\"https:\/\/www.congres2024-deuils-famille-orphelins.org\/#\/schema\/logo\/image\/\"}}]}<\/script>\n<!-- \/ Yoast SEO plugin. -->","yoast_head_json":{"title":"H\u00e9bergements - Congr\u00e8s 2024 deuils orphelins","robots":{"index":"index","follow":"follow","max-snippet":"max-snippet:-1","max-image-preview":"max-image-preview:large","max-video-preview":"max-video-preview:-1"},"canonical":"https:\/\/www.congres2024-deuils-famille-orphelins.org\/index.php\/hebergements\/","og_locale":"fr_FR","og_type":"article","og_title":"H\u00e9bergements - Congr\u00e8s 2024 deuils orphelins","og_description":"Deuils en famille ; orphelins d&rsquo;un parent&#8230; H\u00e9bergements congr\u00e8s 2024 T\u00e9l\u00e9charger le document r\u00e9capitulatif au format Pdf -&gt; Disponibilit\u00e9 hoteli\u00e8re La Rochelle -congres DEUILS EN FAMILLE Facebook X-twitter Linkedin","og_url":"https:\/\/www.congres2024-deuils-famille-orphelins.org\/index.php\/hebergements\/","og_site_name":"Congr\u00e8s 2024 deuils orphelins","article_modified_time":"2024-11-10T15:00:07+00:00","twitter_card":"summary_large_image","twitter_misc":{"Dur\u00e9e de lecture estim\u00e9e":"1 minute"},"schema":{"@context":"https:\/\/schema.org","@graph":[{"@type":"WebPage","@id":"https:\/\/www.congres2024-deuils-famille-orphelins.org\/index.php\/hebergements\/","url":"https:\/\/www.congres2024-deuils-famille-orphelins.org\/index.php\/hebergements\/","name":"H\u00e9bergements - Congr\u00e8s 2024 deuils orphelins","isPartOf":{"@id":"https:\/\/www.congres2024-deuils-famille-orphelins.org\/#website"},"datePublished":"2024-10-08T08:50:33+00:00","dateModified":"2024-11-10T15:00:07+00:00","breadcrumb":{"@id":"https:\/\/www.congres2024-deuils-famille-orphelins.org\/index.php\/hebergements\/#breadcrumb"},"inLanguage":"fr-FR","potentialAction":[{"@type":"ReadAction","target":["https:\/\/www.congres2024-deuils-famille-orphelins.org\/index.php\/hebergements\/"]}]},{"@type":"BreadcrumbList","@id":"https:\/\/www.congres2024-deuils-famille-orphelins.org\/index.php\/hebergements\/#breadcrumb","itemListElement":[{"@type":"ListItem","position":1,"name":"Accueil","item":"https:\/\/www.congres2024-deuils-famille-orphelins.org\/"},{"@type":"ListItem","position":2,"name":"H\u00e9bergements"}]},{"@type":"WebSite","@id":"https:\/\/www.congres2024-deuils-famille-orphelins.org\/#website","url":"https:\/\/www.congres2024-deuils-famille-orphelins.org\/","name":"Congr\u00e8s 2024 deuils orphelins","description":"","publisher":{"@id":"https:\/\/www.congres2024-deuils-famille-orphelins.org\/#organization"},"potentialAction":[{"@type":"SearchAction","target":{"@type":"EntryPoint","urlTemplate":"https:\/\/www.congres2024-deuils-famille-orphelins.org\/?s={search_term_string}"},"query-input":{"@type":"PropertyValueSpecification","valueRequired":true,"valueName":"search_term_string"}}],"inLanguage":"fr-FR"},{"@type":"Organization","@id":"https:\/\/www.congres2024-deuils-famille-orphelins.org\/#organization","name":"Congr\u00e8s 2024 deuils orphelins","url":"https:\/\/www.congres2024-deuils-famille-orphelins.org\/","logo":{"@type":"ImageObject","inLanguage":"fr-FR","@id":"https:\/\/www.congres2024-deuils-famille-orphelins.org\/#\/schema\/logo\/image\/","url":"https:\/\/www.congres2024-deuils-famille-orphelins.org\/wp-content\/uploads\/2024\/03\/cropped-LOGO-VSDPC2.jpg","contentUrl":"https:\/\/www.congres2024-deuils-famille-orphelins.org\/wp-content\/uploads\/2024\/03\/cropped-LOGO-VSDPC2.jpg","width":980,"height":280,"caption":"Congr\u00e8s 2024 deuils orphelins"},"image":{"@id":"https:\/\/www.congres2024-deuils-famille-orphelins.org\/#\/schema\/logo\/image\/"}}]}},"_links":{"self":[{"href":"https:\/\/www.congres2024-deuils-famille-orphelins.org\/index.php\/wp-json\/wp\/v2\/pages\/1397","targetHints":{"allow":["GET"]}}],"collection":[{"href":"https:\/\/www.congres2024-deuils-famille-orphelins.org\/index.php\/wp-json\/wp\/v2\/pages"}],"about":[{"href":"https:\/\/www.congres2024-deuils-famille-orphelins.org\/index.php\/wp-json\/wp\/v2\/types\/page"}],"author":[{"embeddable":true,"href":"https:\/\/www.congres2024-deuils-famille-orphelins.org\/index.php\/wp-json\/wp\/v2\/users\/2"}],"replies":[{"embeddable":true,"href":"https:\/\/www.congres2024-deuils-famille-orphelins.org\/index.php\/wp-json\/wp\/v2\/comments?post=1397"}],"version-history":[{"count":20,"href":"https:\/\/www.congres2024-deuils-famille-orphelins.org\/index.php\/wp-json\/wp\/v2\/pages\/1397\/revisions"}],"predecessor-version":[{"id":3672,"href":"https:\/\/www.congres2024-deuils-famille-orphelins.org\/index.php\/wp-json\/wp\/v2\/pages\/1397\/revisions\/3672"}],"wp:attachment":[{"href":"https:\/\/www.congres2024-deuils-famille-orphelins.org\/index.php\/wp-json\/wp\/v2\/media?parent=1397"}],"curies":[{"name":"wp","href":"https:\/\/api.w.org\/{rel}","templated":true}]}}