{"id":464,"date":"2024-03-27T23:17:56","date_gmt":"2024-03-27T22:17:56","guid":{"rendered":"https:\/\/www.congres2024-deuils-famille-orphelins.org\/?page_id=464"},"modified":"2024-12-08T15:12:53","modified_gmt":"2024-12-08T14:12:53","slug":"informations-pratiques","status":"publish","type":"page","link":"https:\/\/www.congres2024-deuils-famille-orphelins.org\/index.php\/informations-pratiques\/","title":{"rendered":"Guide pratique"},"content":{"rendered":"\t\t<div data-elementor-type=\"wp-page\" data-elementor-id=\"464\" class=\"elementor elementor-464\" data-elementor-post-type=\"page\">\n\t\t\t\t\t\t<section class=\"elementor-section elementor-top-section elementor-element elementor-element-d9ef538 elementor-section-boxed elementor-section-height-default elementor-section-height-default\" data-id=\"d9ef538\" data-element_type=\"section\" data-e-type=\"section\">\n\t\t\t\t\t\t<div class=\"elementor-container elementor-column-gap-default\">\n\t\t\t\t\t<div class=\"elementor-column elementor-col-100 elementor-top-column elementor-element elementor-element-1de75e5\" data-id=\"1de75e5\" data-element_type=\"column\" data-e-type=\"column\" data-settings=\"{&quot;background_background&quot;:&quot;classic&quot;}\">\n\t\t\t<div class=\"elementor-widget-wrap elementor-element-populated\">\n\t\t\t\t\t\t<div class=\"elementor-element elementor-element-859eb3a elementor-widget elementor-widget-heading\" data-id=\"859eb3a\" data-element_type=\"widget\" data-e-type=\"widget\" data-widget_type=\"heading.default\">\n\t\t\t\t<div class=\"elementor-widget-container\">\n\t\t\t\t\t<h1 class=\"elementor-heading-title elementor-size-default\">Deuils en famille ; orphelins d'un parent...<\/h1>\t\t\t\t<\/div>\n\t\t\t\t<\/div>\n\t\t\t\t\t<\/div>\n\t\t<\/div>\n\t\t\t\t\t<\/div>\n\t\t<\/section>\n\t\t<div class=\"elementor-element elementor-element-a1490fa e-flex e-con-boxed e-con e-parent\" data-id=\"a1490fa\" data-element_type=\"container\" data-e-type=\"container\">\n\t\t\t\t\t<div class=\"e-con-inner\">\n\t\t\t\t<div class=\"elementor-element elementor-element-04a58ad elementor-widget elementor-widget-heading\" data-id=\"04a58ad\" data-element_type=\"widget\" data-e-type=\"widget\" data-widget_type=\"heading.default\">\n\t\t\t\t<div class=\"elementor-widget-container\">\n\t\t\t\t\t<h2 class=\"elementor-heading-title elementor-size-default\">GUIDE PRATIQUE<\/h2>\t\t\t\t<\/div>\n\t\t\t\t<\/div>\n\t\t\t\t\t<\/div>\n\t\t\t\t<\/div>\n\t\t<div class=\"elementor-element elementor-element-6c00b02 e-flex e-con-boxed e-con e-parent\" data-id=\"6c00b02\" data-element_type=\"container\" data-e-type=\"container\">\n\t\t\t\t\t<div class=\"e-con-inner\">\n\t\t<div class=\"elementor-element elementor-element-9fdd46f e-grid e-con-boxed e-con e-child\" data-id=\"9fdd46f\" data-element_type=\"container\" data-e-type=\"container\">\n\t\t\t\t\t<div class=\"e-con-inner\">\n\t\t\t\t<div class=\"elementor-element elementor-element-ef3cba1 elementor-widget elementor-widget-google_maps\" data-id=\"ef3cba1\" data-element_type=\"widget\" data-e-type=\"widget\" data-widget_type=\"google_maps.default\">\n\t\t\t\t<div class=\"elementor-widget-container\">\n\t\t\t\t\t\t\t<div class=\"elementor-custom-embed\">\n\t\t\t<iframe loading=\"lazy\"\n\t\t\t\t\tsrc=\"https:\/\/www.google.com\/maps\/embed\/v1\/place?key=AIzaSyA_IGrPajbv5iMlfG8pYkeSIlo10smIuwk&#038;q=46.152466%2C%20-1.150826&#038;zoom=10\"\n\t\t\t\t\ttitle=\"46.152466, -1.150826\"\n\t\t\t\t\taria-label=\"46.152466, -1.150826\"\n\t\t\t><\/iframe>\n\t\t<\/div>\n\t\t\t\t\t\t<\/div>\n\t\t\t\t<\/div>\n\t\t\t\t<div class=\"elementor-element elementor-element-8e807cb elementor-widget elementor-widget-text-editor\" data-id=\"8e807cb\" data-element_type=\"widget\" data-e-type=\"widget\" data-widget_type=\"text-editor.default\">\n\t\t\t\t<div class=\"elementor-widget-container\">\n\t\t\t\t\t\t\t\t\t<div>ESPACE ENCAN<\/div><div>Quai Louis Prunier \u2013 Bassin des Grands Yachts \u2013 T\u00e9l\u00a0: 05 46 45 90 90<\/div><div>\u00a0<\/div><div><span style=\"color: #ff6600;\">DE LA GARE<\/span><\/div><div>5 minutes \u00e0 pied<\/div><div>\u00a0<\/div><div><span style=\"color: #ff6600;\">DE L\u2019AEROPORT<\/span><\/div><div>Ligne de bus n\u00b0 7 jusqu\u2019\u00e0 la Place de Verdun, puis ligne ILLICO<\/div><div>\u00a0<\/div><div><span style=\"color: #ff6600;\">DE NANTES<\/span><\/div><div>A l\u2019entr\u00e9e de La Rochelle, continuer tout droit et descendre enti\u00e8rement le boulevard Andr\u00e9 Sautel. Au feu, prendre \u00e0 gauche, direction \u00ab\u00a0Gare SNCF\u00a0\u00bb. A la gare, continuer jusqu\u2019au rond-point suivant, tourner \u00e0 droite direction \u00ab\u00a0Espace Encan\u00a0\u00bb &#8211; \u00ab\u00a0Aquarium\u00a0\u00bb.<\/div><div>\u00a0<\/div><div><span style=\"color: #ff6600;\">DE BORDEAUX<\/span><\/div><div>A l\u2019approche de La Rochelle, juste apr\u00e8s le centre commercial, sortir direction \u00ab\u00a0La Rochelle centre\u00a0\u00bb. Suivre toujours cette direction. Apr\u00e8s le pont et au rond-point juste avant la gare, prendre \u00e0 gauche, puis tourner \u00e0 gauche direction \u00ab\u00a0Espace Encan\u00a0\u00bb &#8211; \u00ab\u00a0Aquarium\u00a0\u00bb.<\/div><div>\u00a0<\/div><div><span style=\"color: #ff6600;\">ACCES LIVRAISON<\/span><\/div><div>De la gare, prendre en face l\u2019avenue du G\u00e9n\u00e9ral De Gaule. Au rond-point suivant, tourner \u00e0 gauche en direction de \u00ab\u00a0Acc\u00e8s livraisons \u00a0\u00a0Espace Encan\u00a0\u00bb. Emprunter la voie de bus, passer devant l\u2019h\u00f4tel Mercure, et avancer jusqu\u2019aux bornes situ\u00e9es entre l\u2019Aquarium et l\u2019Espace Encan.<\/div><div>\u00a0<\/div><div><span style=\"color: #ff6600;\">ACCES PARKING<\/span><\/div><ul><li><div><strong>Place Moitessier<\/strong> (devant le Mus\u00e9e Maritime)\u00a0: <strong>140 places payantes<\/strong><\/div><\/li><li><div><p><strong>Parking Encan<\/strong> (en face)\u00a0: <strong>416 places payantes<\/strong> dont 9 places \u00ab handicap\u00e9 \u00bb<\/p><ul><li>Parking payant tous les jours\u00a0:<\/li><li>En hiver (octobre-mars) de 9h \u00e0 12h et de 14h \u00e0 19h<\/li><\/ul><\/div><\/li><li><div><strong>Parking Vieux Port<\/strong> (devant le Mercure Oc\u00e9anide)\u00a0: <strong>615 places payantes<\/strong><\/div><ul><li><div>Parking sous-terrain ouvert de 6h \u00e0 1h du matin et \u00e9quip\u00e9 d\u2019un syst\u00e8me vid\u00e9o<\/div><\/li><\/ul><\/li><\/ul>\t\t\t\t\t\t\t\t<\/div>\n\t\t\t\t<\/div>\n\t\t\t\t\t<\/div>\n\t\t\t\t<\/div>\n\t\t<div class=\"elementor-element elementor-element-6ef39e1 e-con-full e-flex e-con e-child\" data-id=\"6ef39e1\" data-element_type=\"container\" data-e-type=\"container\">\n\t\t\t\t<div class=\"elementor-element elementor-element-4daa02a elementor-widget elementor-widget-text-editor\" data-id=\"4daa02a\" data-element_type=\"widget\" data-e-type=\"widget\" data-widget_type=\"text-editor.default\">\n\t\t\t\t<div class=\"elementor-widget-container\">\n\t\t\t\t\t\t\t\t\t<figure id=\"attachment_15\" aria-describedby=\"caption-attachment-15\" style=\"width: 255px\" class=\"wp-caption alignnone\"><img fetchpriority=\"high\" decoding=\"async\" class=\" wp-image-15\" src=\"https:\/\/www.congres2024-deuils-famille-orphelins.org\/wp-content\/uploads\/2024\/03\/affiche-congres-2024-213x300.jpg\" alt=\"\u00abDeuils en Famille ; Orphelins d\u2019un parent\u2026 \u00bb\" width=\"255\" height=\"359\" srcset=\"https:\/\/www.congres2024-deuils-famille-orphelins.org\/wp-content\/uploads\/2024\/03\/affiche-congres-2024-213x300.jpg 213w, https:\/\/www.congres2024-deuils-famille-orphelins.org\/wp-content\/uploads\/2024\/03\/affiche-congres-2024.jpg 726w\" sizes=\"(max-width: 255px) 100vw, 255px\" \/><figcaption id=\"caption-attachment-15\" class=\"wp-caption-text\">\u00abDeuils en Famille ; Orphelins d\u2019un parent\u2026 \u00bb<\/figcaption><\/figure><p><strong><em>Le printemps des orphelins<br \/><\/em><\/strong><\/p><p><strong><em>saison 1<\/em><\/strong><\/p><p><strong>5, 6, 7 d\u00e9cembre <\/strong><strong>2024<\/strong><\/p><p><strong>Espace <\/strong><strong>Encan, <\/strong><strong>LA ROCHELLE<\/strong><\/p><p><strong><em>\u00a0<\/em><\/strong><\/p>\t\t\t\t\t\t\t\t<\/div>\n\t\t\t\t<\/div>\n\t\t\t\t<div class=\"elementor-element elementor-element-4a19ec0 elementor-widget elementor-widget-text-editor\" data-id=\"4a19ec0\" data-element_type=\"widget\" data-e-type=\"widget\" data-widget_type=\"text-editor.default\">\n\t\t\t\t<div class=\"elementor-widget-container\">\n\t\t\t\t\t\t\t\t\t<p><a href=\"https:\/\/www.congres2024-deuils-famille-orphelins.org\/index.php\/hebergements\/\" target=\"_blank\" rel=\"noopener\"><strong>H\u00e9bergements, disponibilit\u00e9 h\u00f4teli\u00e8re \u00e0 La Rochelle\u00a0-&gt; Suivre ce lien<\/strong><\/a><\/p>\t\t\t\t\t\t\t\t<\/div>\n\t\t\t\t<\/div>\n\t\t\t\t<\/div>\n\t\t\t\t\t<\/div>\n\t\t\t\t<\/div>\n\t\t<div class=\"elementor-element elementor-element-2cca45e e-flex e-con-boxed e-con e-parent\" data-id=\"2cca45e\" data-element_type=\"container\" data-e-type=\"container\">\n\t\t\t\t\t<div class=\"e-con-inner\">\n\t\t\t\t<div class=\"elementor-element elementor-element-ac15880 elementor-shape-rounded elementor-grid-0 e-grid-align-center elementor-widget elementor-widget-social-icons\" data-id=\"ac15880\" data-element_type=\"widget\" data-e-type=\"widget\" data-widget_type=\"social-icons.default\">\n\t\t\t\t<div class=\"elementor-widget-container\">\n\t\t\t\t\t\t\t<div class=\"elementor-social-icons-wrapper elementor-grid\" role=\"list\">\n\t\t\t\t\t\t\t<span class=\"elementor-grid-item\" role=\"listitem\">\n\t\t\t\t\t<a class=\"elementor-icon elementor-social-icon elementor-social-icon-facebook elementor-repeater-item-6c76d29\" href=\"https:\/\/www.facebook.com\/sharer\/sharer.php?u=https%3A%2F%2Fwww.helloasso.com%2Fassociations%2Frappeo-17%2Fevenements%2Fcongres-deuils-en-familles-orphelins-d-un-parent\" target=\"_blank\">\n\t\t\t\t\t\t<span class=\"elementor-screen-only\">Facebook<\/span>\n\t\t\t\t\t\t<svg aria-hidden=\"true\" class=\"e-font-icon-svg e-fab-facebook\" viewBox=\"0 0 512 512\" xmlns=\"http:\/\/www.w3.org\/2000\/svg\"><path d=\"M504 256C504 119 393 8 256 8S8 119 8 256c0 123.78 90.69 226.38 209.25 245V327.69h-63V256h63v-54.64c0-62.15 37-96.48 93.67-96.48 27.14 0 55.52 4.84 55.52 4.84v61h-31.28c-30.8 0-40.41 19.12-40.41 38.73V256h68.78l-11 71.69h-57.78V501C413.31 482.38 504 379.78 504 256z\"><\/path><\/svg>\t\t\t\t\t<\/a>\n\t\t\t\t<\/span>\n\t\t\t\t\t\t\t<span class=\"elementor-grid-item\" role=\"listitem\">\n\t\t\t\t\t<a class=\"elementor-icon elementor-social-icon elementor-social-icon-x-twitter elementor-repeater-item-453fd2f\" href=\"https:\/\/twitter.com\/intent\/post?text=\ud83d\uddd3%EF%B8%8F%20Inscrivez-vous%20d\u00e8s%20maintenant%20pour%20l\u2019\u00e9v\u00e9nement%20CONGRES%20-%20Deuils%20en%20Famille%20%3B%20Orphelins%20d\u2019un%20parent...%20%20%3A%20https%3A%2F%2Fwww.helloasso.com%2Fassociations%2Frappeo-17%2Fevenements%2Fcongres-deuils-en-familles-orphelins-d-un-parent%20%40helloasso\" target=\"_blank\">\n\t\t\t\t\t\t<span class=\"elementor-screen-only\">X-twitter<\/span>\n\t\t\t\t\t\t<svg aria-hidden=\"true\" class=\"e-font-icon-svg e-fab-x-twitter\" viewBox=\"0 0 512 512\" xmlns=\"http:\/\/www.w3.org\/2000\/svg\"><path d=\"M389.2 48h70.6L305.6 224.2 487 464H345L233.7 318.6 106.5 464H35.8L200.7 275.5 26.8 48H172.4L272.9 180.9 389.2 48zM364.4 421.8h39.1L151.1 88h-42L364.4 421.8z\"><\/path><\/svg>\t\t\t\t\t<\/a>\n\t\t\t\t<\/span>\n\t\t\t\t\t\t\t<span class=\"elementor-grid-item\" role=\"listitem\">\n\t\t\t\t\t<a class=\"elementor-icon elementor-social-icon elementor-social-icon-linkedin elementor-repeater-item-e7efb8a\" href=\"https:\/\/www.linkedin.com\/feed\/?linkOrigin=LI_BADGE&#038;shareActive=true&#038;shareUrl=https%3A%2F%2Fwww.helloasso.com%2Fassociations%2Frappeo-17%2Fevenements%2Fcongres-deuils-en-familles-orphelins-d-un-parent\" target=\"_blank\">\n\t\t\t\t\t\t<span class=\"elementor-screen-only\">Linkedin<\/span>\n\t\t\t\t\t\t<svg aria-hidden=\"true\" class=\"e-font-icon-svg e-fab-linkedin\" viewBox=\"0 0 448 512\" xmlns=\"http:\/\/www.w3.org\/2000\/svg\"><path d=\"M416 32H31.9C14.3 32 0 46.5 0 64.3v383.4C0 465.5 14.3 480 31.9 480H416c17.6 0 32-14.5 32-32.3V64.3c0-17.8-14.4-32.3-32-32.3zM135.4 416H69V202.2h66.5V416zm-33.2-243c-21.3 0-38.5-17.3-38.5-38.5S80.9 96 102.2 96c21.2 0 38.5 17.3 38.5 38.5 0 21.3-17.2 38.5-38.5 38.5zm282.1 243h-66.4V312c0-24.8-.5-56.7-34.5-56.7-34.6 0-39.9 27-39.9 54.9V416h-66.4V202.2h63.7v29.2h.9c8.9-16.8 30.6-34.5 62.9-34.5 67.2 0 79.7 44.3 79.7 101.9V416z\"><\/path><\/svg>\t\t\t\t\t<\/a>\n\t\t\t\t<\/span>\n\t\t\t\t\t<\/div>\n\t\t\t\t\t\t<\/div>\n\t\t\t\t<\/div>\n\t\t\t\t\t<\/div>\n\t\t\t\t<\/div>\n\t\t\t\t<\/div>\n\t\t","protected":false},"excerpt":{"rendered":"<p>Deuils en famille ; orphelins d&rsquo;un parent&#8230; GUIDE PRATIQUE ESPACE ENCANQuai Louis Prunier \u2013 Bassin des Grands Yachts \u2013 T\u00e9l\u00a0: 05 46 45 90 90\u00a0DE LA GARE5 minutes \u00e0 pied\u00a0DE L\u2019AEROPORTLigne de bus n\u00b0 7 jusqu\u2019\u00e0 la Place de Verdun, puis ligne ILLICO\u00a0DE NANTESA l\u2019entr\u00e9e de La Rochelle, continuer tout droit et descendre enti\u00e8rement le [&hellip;]<\/p>\n","protected":false},"author":1,"featured_media":0,"parent":0,"menu_order":0,"comment_status":"closed","ping_status":"closed","template":"","meta":{"footnotes":""},"class_list":["post-464","page","type-page","status-publish","hentry"],"yoast_head":"<!-- This site is optimized with the Yoast SEO plugin v27.1.1 - https:\/\/yoast.com\/product\/yoast-seo-wordpress\/ -->\n<title>Guide pratique - Congr\u00e8s 2024 deuils orphelins<\/title>\n<meta name=\"robots\" content=\"index, follow, max-snippet:-1, max-image-preview:large, max-video-preview:-1\" \/>\n<link rel=\"canonical\" href=\"https:\/\/www.congres2024-deuils-famille-orphelins.org\/index.php\/informations-pratiques\/\" \/>\n<meta property=\"og:locale\" content=\"fr_FR\" \/>\n<meta property=\"og:type\" content=\"article\" \/>\n<meta property=\"og:title\" content=\"Guide pratique - Congr\u00e8s 2024 deuils orphelins\" \/>\n<meta property=\"og:description\" content=\"Deuils en famille ; orphelins d&rsquo;un parent&#8230; GUIDE PRATIQUE ESPACE ENCANQuai Louis Prunier \u2013 Bassin des Grands Yachts \u2013 T\u00e9l\u00a0: 05 46 45 90 90\u00a0DE LA GARE5 minutes \u00e0 pied\u00a0DE L\u2019AEROPORTLigne de bus n\u00b0 7 jusqu\u2019\u00e0 la Place de Verdun, puis ligne ILLICO\u00a0DE NANTESA l\u2019entr\u00e9e de La Rochelle, continuer tout droit et descendre enti\u00e8rement le [&hellip;]\" \/>\n<meta property=\"og:url\" content=\"https:\/\/www.congres2024-deuils-famille-orphelins.org\/index.php\/informations-pratiques\/\" \/>\n<meta property=\"og:site_name\" content=\"Congr\u00e8s 2024 deuils orphelins\" \/>\n<meta property=\"article:modified_time\" content=\"2024-12-08T14:12:53+00:00\" \/>\n<meta property=\"og:image\" content=\"https:\/\/www.congres2024-deuils-famille-orphelins.org\/wp-content\/uploads\/2024\/03\/affiche-congres-2024-213x300.jpg\" \/>\n<meta name=\"twitter:card\" content=\"summary_large_image\" \/>\n<meta name=\"twitter:label1\" content=\"Dur\u00e9e de lecture estim\u00e9e\" \/>\n\t<meta name=\"twitter:data1\" content=\"2 minutes\" \/>\n<script type=\"application\/ld+json\" class=\"yoast-schema-graph\">{\"@context\":\"https:\/\/schema.org\",\"@graph\":[{\"@type\":\"WebPage\",\"@id\":\"https:\/\/www.congres2024-deuils-famille-orphelins.org\/index.php\/informations-pratiques\/\",\"url\":\"https:\/\/www.congres2024-deuils-famille-orphelins.org\/index.php\/informations-pratiques\/\",\"name\":\"Guide pratique - Congr\u00e8s 2024 deuils orphelins\",\"isPartOf\":{\"@id\":\"https:\/\/www.congres2024-deuils-famille-orphelins.org\/#website\"},\"primaryImageOfPage\":{\"@id\":\"https:\/\/www.congres2024-deuils-famille-orphelins.org\/index.php\/informations-pratiques\/#primaryimage\"},\"image\":{\"@id\":\"https:\/\/www.congres2024-deuils-famille-orphelins.org\/index.php\/informations-pratiques\/#primaryimage\"},\"thumbnailUrl\":\"https:\/\/www.congres2024-deuils-famille-orphelins.org\/wp-content\/uploads\/2024\/03\/affiche-congres-2024-213x300.jpg\",\"datePublished\":\"2024-03-27T22:17:56+00:00\",\"dateModified\":\"2024-12-08T14:12:53+00:00\",\"breadcrumb\":{\"@id\":\"https:\/\/www.congres2024-deuils-famille-orphelins.org\/index.php\/informations-pratiques\/#breadcrumb\"},\"inLanguage\":\"fr-FR\",\"potentialAction\":[{\"@type\":\"ReadAction\",\"target\":[\"https:\/\/www.congres2024-deuils-famille-orphelins.org\/index.php\/informations-pratiques\/\"]}]},{\"@type\":\"ImageObject\",\"inLanguage\":\"fr-FR\",\"@id\":\"https:\/\/www.congres2024-deuils-famille-orphelins.org\/index.php\/informations-pratiques\/#primaryimage\",\"url\":\"https:\/\/www.congres2024-deuils-famille-orphelins.org\/wp-content\/uploads\/2024\/03\/affiche-congres-2024.jpg\",\"contentUrl\":\"https:\/\/www.congres2024-deuils-famille-orphelins.org\/wp-content\/uploads\/2024\/03\/affiche-congres-2024.jpg\",\"width\":726,\"height\":1024,\"caption\":\"\u00abDeuils en Famille ; Orphelins d\u2019un parent\u2026 \u00bb\"},{\"@type\":\"BreadcrumbList\",\"@id\":\"https:\/\/www.congres2024-deuils-famille-orphelins.org\/index.php\/informations-pratiques\/#breadcrumb\",\"itemListElement\":[{\"@type\":\"ListItem\",\"position\":1,\"name\":\"Accueil\",\"item\":\"https:\/\/www.congres2024-deuils-famille-orphelins.org\/\"},{\"@type\":\"ListItem\",\"position\":2,\"name\":\"Guide pratique\"}]},{\"@type\":\"WebSite\",\"@id\":\"https:\/\/www.congres2024-deuils-famille-orphelins.org\/#website\",\"url\":\"https:\/\/www.congres2024-deuils-famille-orphelins.org\/\",\"name\":\"Congr\u00e8s 2024 deuils orphelins\",\"description\":\"\",\"publisher\":{\"@id\":\"https:\/\/www.congres2024-deuils-famille-orphelins.org\/#organization\"},\"potentialAction\":[{\"@type\":\"SearchAction\",\"target\":{\"@type\":\"EntryPoint\",\"urlTemplate\":\"https:\/\/www.congres2024-deuils-famille-orphelins.org\/?s={search_term_string}\"},\"query-input\":{\"@type\":\"PropertyValueSpecification\",\"valueRequired\":true,\"valueName\":\"search_term_string\"}}],\"inLanguage\":\"fr-FR\"},{\"@type\":\"Organization\",\"@id\":\"https:\/\/www.congres2024-deuils-famille-orphelins.org\/#organization\",\"name\":\"Congr\u00e8s 2024 deuils orphelins\",\"url\":\"https:\/\/www.congres2024-deuils-famille-orphelins.org\/\",\"logo\":{\"@type\":\"ImageObject\",\"inLanguage\":\"fr-FR\",\"@id\":\"https:\/\/www.congres2024-deuils-famille-orphelins.org\/#\/schema\/logo\/image\/\",\"url\":\"https:\/\/www.congres2024-deuils-famille-orphelins.org\/wp-content\/uploads\/2024\/03\/cropped-LOGO-VSDPC2.jpg\",\"contentUrl\":\"https:\/\/www.congres2024-deuils-famille-orphelins.org\/wp-content\/uploads\/2024\/03\/cropped-LOGO-VSDPC2.jpg\",\"width\":980,\"height\":280,\"caption\":\"Congr\u00e8s 2024 deuils orphelins\"},\"image\":{\"@id\":\"https:\/\/www.congres2024-deuils-famille-orphelins.org\/#\/schema\/logo\/image\/\"}}]}<\/script>\n<!-- \/ Yoast SEO plugin. -->","yoast_head_json":{"title":"Guide pratique - Congr\u00e8s 2024 deuils orphelins","robots":{"index":"index","follow":"follow","max-snippet":"max-snippet:-1","max-image-preview":"max-image-preview:large","max-video-preview":"max-video-preview:-1"},"canonical":"https:\/\/www.congres2024-deuils-famille-orphelins.org\/index.php\/informations-pratiques\/","og_locale":"fr_FR","og_type":"article","og_title":"Guide pratique - Congr\u00e8s 2024 deuils orphelins","og_description":"Deuils en famille ; orphelins d&rsquo;un parent&#8230; GUIDE PRATIQUE ESPACE ENCANQuai Louis Prunier \u2013 Bassin des Grands Yachts \u2013 T\u00e9l\u00a0: 05 46 45 90 90\u00a0DE LA GARE5 minutes \u00e0 pied\u00a0DE L\u2019AEROPORTLigne de bus n\u00b0 7 jusqu\u2019\u00e0 la Place de Verdun, puis ligne ILLICO\u00a0DE NANTESA l\u2019entr\u00e9e de La Rochelle, continuer tout droit et descendre enti\u00e8rement le [&hellip;]","og_url":"https:\/\/www.congres2024-deuils-famille-orphelins.org\/index.php\/informations-pratiques\/","og_site_name":"Congr\u00e8s 2024 deuils orphelins","article_modified_time":"2024-12-08T14:12:53+00:00","og_image":[{"url":"https:\/\/www.congres2024-deuils-famille-orphelins.org\/wp-content\/uploads\/2024\/03\/affiche-congres-2024-213x300.jpg","type":"","width":"","height":""}],"twitter_card":"summary_large_image","twitter_misc":{"Dur\u00e9e de lecture estim\u00e9e":"2 minutes"},"schema":{"@context":"https:\/\/schema.org","@graph":[{"@type":"WebPage","@id":"https:\/\/www.congres2024-deuils-famille-orphelins.org\/index.php\/informations-pratiques\/","url":"https:\/\/www.congres2024-deuils-famille-orphelins.org\/index.php\/informations-pratiques\/","name":"Guide pratique - Congr\u00e8s 2024 deuils orphelins","isPartOf":{"@id":"https:\/\/www.congres2024-deuils-famille-orphelins.org\/#website"},"primaryImageOfPage":{"@id":"https:\/\/www.congres2024-deuils-famille-orphelins.org\/index.php\/informations-pratiques\/#primaryimage"},"image":{"@id":"https:\/\/www.congres2024-deuils-famille-orphelins.org\/index.php\/informations-pratiques\/#primaryimage"},"thumbnailUrl":"https:\/\/www.congres2024-deuils-famille-orphelins.org\/wp-content\/uploads\/2024\/03\/affiche-congres-2024-213x300.jpg","datePublished":"2024-03-27T22:17:56+00:00","dateModified":"2024-12-08T14:12:53+00:00","breadcrumb":{"@id":"https:\/\/www.congres2024-deuils-famille-orphelins.org\/index.php\/informations-pratiques\/#breadcrumb"},"inLanguage":"fr-FR","potentialAction":[{"@type":"ReadAction","target":["https:\/\/www.congres2024-deuils-famille-orphelins.org\/index.php\/informations-pratiques\/"]}]},{"@type":"ImageObject","inLanguage":"fr-FR","@id":"https:\/\/www.congres2024-deuils-famille-orphelins.org\/index.php\/informations-pratiques\/#primaryimage","url":"https:\/\/www.congres2024-deuils-famille-orphelins.org\/wp-content\/uploads\/2024\/03\/affiche-congres-2024.jpg","contentUrl":"https:\/\/www.congres2024-deuils-famille-orphelins.org\/wp-content\/uploads\/2024\/03\/affiche-congres-2024.jpg","width":726,"height":1024,"caption":"\u00abDeuils en Famille ; Orphelins d\u2019un parent\u2026 \u00bb"},{"@type":"BreadcrumbList","@id":"https:\/\/www.congres2024-deuils-famille-orphelins.org\/index.php\/informations-pratiques\/#breadcrumb","itemListElement":[{"@type":"ListItem","position":1,"name":"Accueil","item":"https:\/\/www.congres2024-deuils-famille-orphelins.org\/"},{"@type":"ListItem","position":2,"name":"Guide pratique"}]},{"@type":"WebSite","@id":"https:\/\/www.congres2024-deuils-famille-orphelins.org\/#website","url":"https:\/\/www.congres2024-deuils-famille-orphelins.org\/","name":"Congr\u00e8s 2024 deuils orphelins","description":"","publisher":{"@id":"https:\/\/www.congres2024-deuils-famille-orphelins.org\/#organization"},"potentialAction":[{"@type":"SearchAction","target":{"@type":"EntryPoint","urlTemplate":"https:\/\/www.congres2024-deuils-famille-orphelins.org\/?s={search_term_string}"},"query-input":{"@type":"PropertyValueSpecification","valueRequired":true,"valueName":"search_term_string"}}],"inLanguage":"fr-FR"},{"@type":"Organization","@id":"https:\/\/www.congres2024-deuils-famille-orphelins.org\/#organization","name":"Congr\u00e8s 2024 deuils orphelins","url":"https:\/\/www.congres2024-deuils-famille-orphelins.org\/","logo":{"@type":"ImageObject","inLanguage":"fr-FR","@id":"https:\/\/www.congres2024-deuils-famille-orphelins.org\/#\/schema\/logo\/image\/","url":"https:\/\/www.congres2024-deuils-famille-orphelins.org\/wp-content\/uploads\/2024\/03\/cropped-LOGO-VSDPC2.jpg","contentUrl":"https:\/\/www.congres2024-deuils-famille-orphelins.org\/wp-content\/uploads\/2024\/03\/cropped-LOGO-VSDPC2.jpg","width":980,"height":280,"caption":"Congr\u00e8s 2024 deuils orphelins"},"image":{"@id":"https:\/\/www.congres2024-deuils-famille-orphelins.org\/#\/schema\/logo\/image\/"}}]}},"_links":{"self":[{"href":"https:\/\/www.congres2024-deuils-famille-orphelins.org\/index.php\/wp-json\/wp\/v2\/pages\/464","targetHints":{"allow":["GET"]}}],"collection":[{"href":"https:\/\/www.congres2024-deuils-famille-orphelins.org\/index.php\/wp-json\/wp\/v2\/pages"}],"about":[{"href":"https:\/\/www.congres2024-deuils-famille-orphelins.org\/index.php\/wp-json\/wp\/v2\/types\/page"}],"author":[{"embeddable":true,"href":"https:\/\/www.congres2024-deuils-famille-orphelins.org\/index.php\/wp-json\/wp\/v2\/users\/1"}],"replies":[{"embeddable":true,"href":"https:\/\/www.congres2024-deuils-famille-orphelins.org\/index.php\/wp-json\/wp\/v2\/comments?post=464"}],"version-history":[{"count":68,"href":"https:\/\/www.congres2024-deuils-famille-orphelins.org\/index.php\/wp-json\/wp\/v2\/pages\/464\/revisions"}],"predecessor-version":[{"id":3633,"href":"https:\/\/www.congres2024-deuils-famille-orphelins.org\/index.php\/wp-json\/wp\/v2\/pages\/464\/revisions\/3633"}],"wp:attachment":[{"href":"https:\/\/www.congres2024-deuils-famille-orphelins.org\/index.php\/wp-json\/wp\/v2\/media?parent=464"}],"curies":[{"name":"wp","href":"https:\/\/api.w.org\/{rel}","templated":true}]}}